{"id":684,"date":"2024-02-12T09:05:55","date_gmt":"2024-02-12T08:05:55","guid":{"rendered":"https:\/\/www.bayernrockt-kaninchenhilfe.de\/wordpress\/?page_id=684"},"modified":"2026-08-22T09:40:19","modified_gmt":"2026-08-22T07:40:19","slug":"veranstaltungen","status":"publish","type":"page","link":"https:\/\/bayernrockt-kaninchenhilfe.de\/wordpress\/veranstaltungen\/","title":{"rendered":"Veranstaltungen"},"content":{"rendered":"\n<hr class=\"wp-block-separator has-text-color has-primary-color has-alpha-channel-opacity has-primary-background-color has-background is-style-wide\"\/>\n\n\n\n<h2 class=\"gb-headline gb-headline-8a751130 gb-headline-text\"><strong>Feste im Tierheim Osterm\u00fcnchen<\/strong><\/h2>\n\n\n\n<figure class=\"wp-block-image aligncenter size-medium\"><img loading=\"lazy\" decoding=\"async\" width=\"300\" height=\"225\" src=\"https:\/\/bayernrockt-kaninchenhilfe.de\/wordpress\/wp-content\/uploads\/2024\/02\/WhatsApp-Bild-2023-06-18-um-10.32.40-300x225.jpg\" alt=\"\" class=\"wp-image-689\" srcset=\"https:\/\/bayernrockt-kaninchenhilfe.de\/wordpress\/wp-content\/uploads\/2024\/02\/WhatsApp-Bild-2023-06-18-um-10.32.40-300x225.jpg 300w, https:\/\/bayernrockt-kaninchenhilfe.de\/wordpress\/wp-content\/uploads\/2024\/02\/WhatsApp-Bild-2023-06-18-um-10.32.40-1024x768.jpg 1024w, https:\/\/bayernrockt-kaninchenhilfe.de\/wordpress\/wp-content\/uploads\/2024\/02\/WhatsApp-Bild-2023-06-18-um-10.32.40-768x576.jpg 768w, https:\/\/bayernrockt-kaninchenhilfe.de\/wordpress\/wp-content\/uploads\/2024\/02\/WhatsApp-Bild-2023-06-18-um-10.32.40-1536x1152.jpg 1536w, https:\/\/bayernrockt-kaninchenhilfe.de\/wordpress\/wp-content\/uploads\/2024\/02\/WhatsApp-Bild-2023-06-18-um-10.32.40.jpg 2000w\" sizes=\"auto, (max-width: 300px) 100vw, 300px\" \/><\/figure>\n\n\n\n<p class=\"wp-block-paragraph\">Wir sind auch&nbsp;<strong>2026<\/strong>&nbsp;wieder bei mehreren Veranstaltungen mit einem Stand im&nbsp;<strong>Tierheim Osterm\u00fcnchen<\/strong>&nbsp;vertreten!<\/p>\n\n\n\n<figure class=\"wp-block-table has-medium-font-size\"><table><tbody><tr><td>Tag der offenen T\u00fcr<\/td><td>20. September<\/td><td>13:00 &#8211; 16:00<\/td><\/tr><tr><td>Adventmarkt<\/td><td>15. November<\/td><td>13:00 \u2013 16:00<\/td><\/tr><\/tbody><\/table><\/figure>\n\n\n\n<div class=\"wp-block-group is-content-justification-center is-nowrap is-layout-flex wp-container-core-group-is-layout-88c01e81 wp-block-group-is-layout-flex\">\n<p class=\"wp-block-paragraph\">Tierheim Osterm\u00fcnchen<br>Oberrainer Feld 20<br>83104 Tuntenhausen<\/p>\n\n\n\n<hr class=\"wp-block-separator has-text-color has-primary-color has-alpha-channel-opacity has-primary-background-color has-background is-style-wide\"\/>\n<\/div>\n\n\n\n<hr class=\"wp-block-separator has-text-color has-primary-color has-alpha-channel-opacity has-primary-background-color has-background is-style-wide\"\/>\n\n\n\n<h2 class=\"gb-headline gb-headline-d8b9fb96 gb-headline-text\"><strong>Herbstfest auf Gut Morhard<\/strong><\/h2>\n\n\n\n<p class=\"has-text-align-center wp-block-paragraph\">Wir freuen uns, auch hier wieder mit einem Infostand teilnehmen zu d\u00fcrfen.<\/p>\n\n\n\n<p class=\"has-text-align-center wp-block-paragraph\">Am <strong>13.09.2025<\/strong>  von 11 bis 16 Uhr.<br>Landsberger Stra\u00dfe 144<br>86343 K\u00f6nigsbrunn<\/p>\n\n\n\n<p class=\"wp-block-paragraph\"><\/p>\n","protected":false},"excerpt":{"rendered":"<p>Feste im Tierheim Osterm\u00fcnchen Wir sind auch&nbsp;2026&nbsp;wieder bei mehreren Veranstaltungen mit einem Stand im&nbsp;Tierheim Osterm\u00fcnchen&nbsp;vertreten! Tag der offenen T\u00fcr 20. September 13:00 &#8211; 16:00 Adventmarkt 15. November 13:00 \u2013 16:00 Tierheim Osterm\u00fcnchenOberrainer Feld 2083104 Tuntenhausen Herbstfest auf Gut Morhard Wir freuen uns, auch hier wieder mit einem Infostand teilnehmen zu d\u00fcrfen. Am 13.09.2025 von 11 [&hellip;]<\/p>\n","protected":false},"author":1,"featured_media":0,"parent":0,"menu_order":15,"comment_status":"closed","ping_status":"closed","template":"","meta":{"footnotes":""},"class_list":["post-684","page","type-page","status-publish","hentry"],"_links":{"self":[{"href":"https:\/\/bayernrockt-kaninchenhilfe.de\/wordpress\/wp-json\/wp\/v2\/pages\/684","targetHints":{"allow":["GET"]}}],"collection":[{"href":"https:\/\/bayernrockt-kaninchenhilfe.de\/wordpress\/wp-json\/wp\/v2\/pages"}],"about":[{"href":"https:\/\/bayernrockt-kaninchenhilfe.de\/wordpress\/wp-json\/wp\/v2\/types\/page"}],"author":[{"embeddable":true,"href":"https:\/\/bayernrockt-kaninchenhilfe.de\/wordpress\/wp-json\/wp\/v2\/users\/1"}],"replies":[{"embeddable":true,"href":"https:\/\/bayernrockt-kaninchenhilfe.de\/wordpress\/wp-json\/wp\/v2\/comments?post=684"}],"version-history":[{"count":87,"href":"https:\/\/bayernrockt-kaninchenhilfe.de\/wordpress\/wp-json\/wp\/v2\/pages\/684\/revisions"}],"predecessor-version":[{"id":3621,"href":"https:\/\/bayernrockt-kaninchenhilfe.de\/wordpress\/wp-json\/wp\/v2\/pages\/684\/revisions\/3621"}],"wp:attachment":[{"href":"https:\/\/bayernrockt-kaninchenhilfe.de\/wordpress\/wp-json\/wp\/v2\/media?parent=684"}],"curies":[{"name":"wp","href":"https:\/\/api.w.org\/{rel}","templated":true}]}}